{"id":74189,"date":"2024-06-19T08:04:30","date_gmt":"2024-06-19T06:04:30","guid":{"rendered":"https:\/\/dezernat-zukunft.org\/?post_type=mec-events&#038;p=74189"},"modified":"2024-06-19T17:27:09","modified_gmt":"2024-06-19T15:27:09","slug":"open-house-webinar-mit-minister-hubertus-heil-760","status":"publish","type":"mec-events","link":"https:\/\/dezernatzukunft.org\/en\/events\/open-house-webinar-mit-minister-hubertus-heil-760\/","title":{"rendered":"Open House Webinar mit Minister Hubertus Heil"},"content":{"rendered":"\n<p><strong>Panelist:innen:<\/strong> Hubertus Heil, Bundesminister f\u00fcr Arbeit und Soziales<\/p>\n\n\n\n<p><strong>Moderation:<\/strong> Philippa Sigl-Gl\u00f6ckner<\/p>\n\n\n\n<p><strong>Anmeldung:<\/strong> <a href=\"https:\/\/us02web.zoom.us\/webinar\/register\/WN_zfbFoLUOTd2oJdre04Fh3A\" target=\"_blank\" rel=\"noreferrer noopener\">Zoom-Registrierung<\/a><\/p>\n\n\n\n<p><strong>Beschreibung: <\/strong>Der Fachkr\u00e4ftemangel ist schon seit Jahren Dauerthema im wirtschaftspolitischen Diskurs. Er hemmt die langfristigen Entwicklungschancen der deutschen Volkswirtschaft und wird durch den demographischen Wandel weiter versch\u00e4rft.<\/p>\n\n\n\n<p>Wir freuen uns daher sehr, Hubertus Heil, Bundesminister f\u00fcr Arbeit und Soziales, zu unserem kommenden Webinar zu dem Thema begr\u00fc\u00dfen zu d\u00fcrfen.<\/p>\n\n\n\n<p>Gemeinsam m\u00f6chten wir diskutieren, was die Politik zur Bek\u00e4mpfung des Fachkr\u00e4ftemangels beitragen kann, was davon schon passiert ist, beziehungsweise noch aussteht. Wir wollen aber auch etwas grunds\u00e4tzlicher hinterfragen, wieso sich die Politik \u00fcberhaupt um dieses Thema k\u00fcmmern sollte. Schlie\u00dflich k\u00f6nnte man argumentieren, dass der Fachkr\u00e4ftemangel ein Problem der Unternehmen ist und sich der Staat eher darauf fokussieren sollte, dass alle gut durchs Leben kommen \u2013 auch Nicht-Fachkr\u00e4fte.<\/p>\n\n\n\n<p>Das Webinar findet am 03. Juli 2024, von 17-18 Uhr in Zoom statt. Wir beginnen mit einem kurzen Input durch Hubertus Heil mit anschlie\u00dfendem moderierten Q&amp;A durch Philippa. Die Registrierung geschieht wie gewohnt \u00fcber <a href=\"https:\/\/us02web.zoom.us\/webinar\/register\/WN_zfbFoLUOTd2oJdre04Fh3A\" target=\"_blank\" rel=\"noreferrer noopener\">Zoom<\/a>.<\/p>\n\n\n\n<p>Bitte beachtet, dass diese Veranstaltung allen offen steht und auch ohne Vorwissen gut verst\u00e4ndlich sein sollte.<\/p>\n\n\n\n<hr class=\"wp-block-separator has-alpha-channel-opacity\"\/>\n","protected":false},"excerpt":{"rendered":"<p>Panelist:innen: Hubertus Heil, Bundesminister f\u00fcr Arbeit und Soziales Moderation: Philippa Sigl-Gl\u00f6ckner Anmeldung: Zoom-Registrierung Beschreibung: Der Fachkr\u00e4ftemangel ist schon seit Jahren Dauerthema im wirtschaftspolitischen Diskurs. Er hemmt die langfristigen Entwicklungschancen der deutschen Volkswirtschaft und wird durch den demographischen Wandel weiter versch\u00e4rft. Wir freuen uns daher sehr, Hubertus Heil, Bundesminister f\u00fcr Arbeit und Soziales, zu unserem kommenden Webinar zu dem Thema begr\u00fc\u00dfen &#8230; <a href=\"https:\/\/dezernatzukunft.org\/en\/events\/open-house-webinar-mit-minister-hubertus-heil-760\/\" class=\"more-link\">Read More<\/a><\/p>\n","protected":false},"author":42,"featured_media":74276,"comment_status":"closed","ping_status":"closed","template":"","meta":{"_acf_changed":false,"_links_to":"","_links_to_target":""},"tags":[],"mec_category":[205,71],"mec_speaker":[],"class_list":["post-74189","mec-events","type-mec-events","status-publish","has-post-thumbnail","hentry","mec_category-open-house-webinar-en","mec_category-open-house-webinar"],"acf":[],"yoast_head":"<!-- This site is optimized with the Yoast SEO plugin v26.8 - https:\/\/yoast.com\/product\/yoast-seo-wordpress\/ -->\n<title>Open House Webinar mit Minister Hubertus Heil - Dezernat Zukunft<\/title>\n<meta name=\"robots\" content=\"index, follow, max-snippet:-1, max-image-preview:large, max-video-preview:-1\" \/>\n<link rel=\"canonical\" href=\"https:\/\/dezernatzukunft.org\/events\/open-house-webinar-mit-minister-hubertus-heil\/\" \/>\n<meta property=\"og:locale\" content=\"en_US\" \/>\n<meta property=\"og:type\" content=\"article\" \/>\n<meta property=\"og:title\" content=\"Open House Webinar mit Minister Hubertus Heil - Dezernat Zukunft\" \/>\n<meta property=\"og:description\" content=\"Panelist:innen: Hubertus Heil, Bundesminister f\u00fcr Arbeit und Soziales Moderation: Philippa Sigl-Gl\u00f6ckner Anmeldung: Zoom-Registrierung Beschreibung: Der Fachkr\u00e4ftemangel ist schon seit Jahren Dauerthema im wirtschaftspolitischen Diskurs. Er hemmt die langfristigen Entwicklungschancen der deutschen Volkswirtschaft und wird durch den demographischen Wandel weiter versch\u00e4rft. Wir freuen uns daher sehr, Hubertus Heil, Bundesminister f\u00fcr Arbeit und Soziales, zu unserem kommenden Webinar zu dem Thema begr\u00fc\u00dfen ... Read More\" \/>\n<meta property=\"og:url\" content=\"https:\/\/dezernatzukunft.org\/events\/open-house-webinar-mit-minister-hubertus-heil\/\" \/>\n<meta property=\"og:site_name\" content=\"Dezernat Zukunft\" \/>\n<meta property=\"article:modified_time\" content=\"2024-06-19T15:27:09+00:00\" \/>\n<meta property=\"og:image\" content=\"https:\/\/dezernatzukunft.org\/wp-content\/uploads\/2024\/06\/20240625_EventbildHeilo_vd2_KE.png\" \/>\n\t<meta property=\"og:image:width\" content=\"800\" \/>\n\t<meta property=\"og:image:height\" content=\"356\" \/>\n\t<meta property=\"og:image:type\" content=\"image\/png\" \/>\n<meta name=\"twitter:card\" content=\"summary_large_image\" \/>\n<meta name=\"twitter:site\" content=\"@DezernatZ\" \/>\n<meta name=\"twitter:label1\" content=\"Est. reading time\" \/>\n\t<meta name=\"twitter:data1\" content=\"1 minute\" \/>\n<script type=\"application\/ld+json\" class=\"yoast-schema-graph\">{\"@context\":\"https:\/\/schema.org\",\"@graph\":[{\"@type\":\"WebPage\",\"@id\":\"https:\/\/dezernatzukunft.org\/events\/open-house-webinar-mit-minister-hubertus-heil\/\",\"url\":\"https:\/\/dezernatzukunft.org\/events\/open-house-webinar-mit-minister-hubertus-heil\/\",\"name\":\"Open House Webinar mit Minister Hubertus Heil - Dezernat Zukunft\",\"isPartOf\":{\"@id\":\"https:\/\/dezernatzukunft.org\/#website\"},\"primaryImageOfPage\":{\"@id\":\"https:\/\/dezernatzukunft.org\/events\/open-house-webinar-mit-minister-hubertus-heil\/#primaryimage\"},\"image\":{\"@id\":\"https:\/\/dezernatzukunft.org\/events\/open-house-webinar-mit-minister-hubertus-heil\/#primaryimage\"},\"thumbnailUrl\":\"https:\/\/dezernatzukunft.org\/wp-content\/uploads\/2024\/06\/20240625_EventbildHeilo_vd2_KE.png\",\"datePublished\":\"2024-06-19T06:04:30+00:00\",\"dateModified\":\"2024-06-19T15:27:09+00:00\",\"breadcrumb\":{\"@id\":\"https:\/\/dezernatzukunft.org\/events\/open-house-webinar-mit-minister-hubertus-heil\/#breadcrumb\"},\"inLanguage\":\"en-US\",\"potentialAction\":[{\"@type\":\"ReadAction\",\"target\":[\"https:\/\/dezernatzukunft.org\/events\/open-house-webinar-mit-minister-hubertus-heil\/\"]}]},{\"@type\":\"ImageObject\",\"inLanguage\":\"en-US\",\"@id\":\"https:\/\/dezernatzukunft.org\/events\/open-house-webinar-mit-minister-hubertus-heil\/#primaryimage\",\"url\":\"https:\/\/dezernatzukunft.org\/wp-content\/uploads\/2024\/06\/20240625_EventbildHeilo_vd2_KE.png\",\"contentUrl\":\"https:\/\/dezernatzukunft.org\/wp-content\/uploads\/2024\/06\/20240625_EventbildHeilo_vd2_KE.png\",\"width\":800,\"height\":356},{\"@type\":\"BreadcrumbList\",\"@id\":\"https:\/\/dezernatzukunft.org\/events\/open-house-webinar-mit-minister-hubertus-heil\/#breadcrumb\",\"itemListElement\":[{\"@type\":\"ListItem\",\"position\":1,\"name\":\"Home\",\"item\":\"https:\/\/dezernatzukunft.org\/en\/home_en\/\"},{\"@type\":\"ListItem\",\"position\":2,\"name\":\"Veranstaltungen\",\"item\":\"https:\/\/dezernatzukunft.org\/events\/\"},{\"@type\":\"ListItem\",\"position\":3,\"name\":\"Open House Webinar mit Minister Hubertus Heil\"}]},{\"@type\":\"WebSite\",\"@id\":\"https:\/\/dezernatzukunft.org\/#website\",\"url\":\"https:\/\/dezernatzukunft.org\/\",\"name\":\"Dezernat Zukunft\",\"description\":\"Institut f\u00fcr Makrofinanzen\",\"publisher\":{\"@id\":\"https:\/\/dezernatzukunft.org\/#organization\"},\"potentialAction\":[{\"@type\":\"SearchAction\",\"target\":{\"@type\":\"EntryPoint\",\"urlTemplate\":\"https:\/\/dezernatzukunft.org\/?s={search_term_string}\"},\"query-input\":{\"@type\":\"PropertyValueSpecification\",\"valueRequired\":true,\"valueName\":\"search_term_string\"}}],\"inLanguage\":\"en-US\"},{\"@type\":\"Organization\",\"@id\":\"https:\/\/dezernatzukunft.org\/#organization\",\"name\":\"Dezernat Zukunft\",\"url\":\"https:\/\/dezernatzukunft.org\/\",\"logo\":{\"@type\":\"ImageObject\",\"inLanguage\":\"en-US\",\"@id\":\"https:\/\/dezernatzukunft.org\/#\/schema\/logo\/image\/\",\"url\":\"https:\/\/dezernatzukunft.org\/wp-content\/uploads\/2022\/05\/Dezernat_Zukunft-01_Zeichenfla\u0308che-1.png\",\"contentUrl\":\"https:\/\/dezernatzukunft.org\/wp-content\/uploads\/2022\/05\/Dezernat_Zukunft-01_Zeichenfla\u0308che-1.png\",\"width\":966,\"height\":167,\"caption\":\"Dezernat Zukunft\"},\"image\":{\"@id\":\"https:\/\/dezernatzukunft.org\/#\/schema\/logo\/image\/\"},\"sameAs\":[\"https:\/\/x.com\/DezernatZ\"]}]}<\/script>\n<!-- \/ Yoast SEO plugin. -->","yoast_head_json":{"title":"Open House Webinar mit Minister Hubertus Heil - Dezernat Zukunft","robots":{"index":"index","follow":"follow","max-snippet":"max-snippet:-1","max-image-preview":"max-image-preview:large","max-video-preview":"max-video-preview:-1"},"canonical":"https:\/\/dezernatzukunft.org\/events\/open-house-webinar-mit-minister-hubertus-heil\/","og_locale":"en_US","og_type":"article","og_title":"Open House Webinar mit Minister Hubertus Heil - Dezernat Zukunft","og_description":"Panelist:innen: Hubertus Heil, Bundesminister f\u00fcr Arbeit und Soziales Moderation: Philippa Sigl-Gl\u00f6ckner Anmeldung: Zoom-Registrierung Beschreibung: Der Fachkr\u00e4ftemangel ist schon seit Jahren Dauerthema im wirtschaftspolitischen Diskurs. Er hemmt die langfristigen Entwicklungschancen der deutschen Volkswirtschaft und wird durch den demographischen Wandel weiter versch\u00e4rft. Wir freuen uns daher sehr, Hubertus Heil, Bundesminister f\u00fcr Arbeit und Soziales, zu unserem kommenden Webinar zu dem Thema begr\u00fc\u00dfen ... Read More","og_url":"https:\/\/dezernatzukunft.org\/events\/open-house-webinar-mit-minister-hubertus-heil\/","og_site_name":"Dezernat Zukunft","article_modified_time":"2024-06-19T15:27:09+00:00","og_image":[{"width":800,"height":356,"url":"https:\/\/dezernatzukunft.org\/wp-content\/uploads\/2024\/06\/20240625_EventbildHeilo_vd2_KE.png","type":"image\/png"}],"twitter_card":"summary_large_image","twitter_site":"@DezernatZ","twitter_misc":{"Est. reading time":"1 minute"},"schema":{"@context":"https:\/\/schema.org","@graph":[{"@type":"WebPage","@id":"https:\/\/dezernatzukunft.org\/events\/open-house-webinar-mit-minister-hubertus-heil\/","url":"https:\/\/dezernatzukunft.org\/events\/open-house-webinar-mit-minister-hubertus-heil\/","name":"Open House Webinar mit Minister Hubertus Heil - Dezernat Zukunft","isPartOf":{"@id":"https:\/\/dezernatzukunft.org\/#website"},"primaryImageOfPage":{"@id":"https:\/\/dezernatzukunft.org\/events\/open-house-webinar-mit-minister-hubertus-heil\/#primaryimage"},"image":{"@id":"https:\/\/dezernatzukunft.org\/events\/open-house-webinar-mit-minister-hubertus-heil\/#primaryimage"},"thumbnailUrl":"https:\/\/dezernatzukunft.org\/wp-content\/uploads\/2024\/06\/20240625_EventbildHeilo_vd2_KE.png","datePublished":"2024-06-19T06:04:30+00:00","dateModified":"2024-06-19T15:27:09+00:00","breadcrumb":{"@id":"https:\/\/dezernatzukunft.org\/events\/open-house-webinar-mit-minister-hubertus-heil\/#breadcrumb"},"inLanguage":"en-US","potentialAction":[{"@type":"ReadAction","target":["https:\/\/dezernatzukunft.org\/events\/open-house-webinar-mit-minister-hubertus-heil\/"]}]},{"@type":"ImageObject","inLanguage":"en-US","@id":"https:\/\/dezernatzukunft.org\/events\/open-house-webinar-mit-minister-hubertus-heil\/#primaryimage","url":"https:\/\/dezernatzukunft.org\/wp-content\/uploads\/2024\/06\/20240625_EventbildHeilo_vd2_KE.png","contentUrl":"https:\/\/dezernatzukunft.org\/wp-content\/uploads\/2024\/06\/20240625_EventbildHeilo_vd2_KE.png","width":800,"height":356},{"@type":"BreadcrumbList","@id":"https:\/\/dezernatzukunft.org\/events\/open-house-webinar-mit-minister-hubertus-heil\/#breadcrumb","itemListElement":[{"@type":"ListItem","position":1,"name":"Home","item":"https:\/\/dezernatzukunft.org\/en\/home_en\/"},{"@type":"ListItem","position":2,"name":"Veranstaltungen","item":"https:\/\/dezernatzukunft.org\/events\/"},{"@type":"ListItem","position":3,"name":"Open House Webinar mit Minister Hubertus Heil"}]},{"@type":"WebSite","@id":"https:\/\/dezernatzukunft.org\/#website","url":"https:\/\/dezernatzukunft.org\/","name":"Dezernat Zukunft","description":"Institut f\u00fcr Makrofinanzen","publisher":{"@id":"https:\/\/dezernatzukunft.org\/#organization"},"potentialAction":[{"@type":"SearchAction","target":{"@type":"EntryPoint","urlTemplate":"https:\/\/dezernatzukunft.org\/?s={search_term_string}"},"query-input":{"@type":"PropertyValueSpecification","valueRequired":true,"valueName":"search_term_string"}}],"inLanguage":"en-US"},{"@type":"Organization","@id":"https:\/\/dezernatzukunft.org\/#organization","name":"Dezernat Zukunft","url":"https:\/\/dezernatzukunft.org\/","logo":{"@type":"ImageObject","inLanguage":"en-US","@id":"https:\/\/dezernatzukunft.org\/#\/schema\/logo\/image\/","url":"https:\/\/dezernatzukunft.org\/wp-content\/uploads\/2022\/05\/Dezernat_Zukunft-01_Zeichenfla\u0308che-1.png","contentUrl":"https:\/\/dezernatzukunft.org\/wp-content\/uploads\/2022\/05\/Dezernat_Zukunft-01_Zeichenfla\u0308che-1.png","width":966,"height":167,"caption":"Dezernat Zukunft"},"image":{"@id":"https:\/\/dezernatzukunft.org\/#\/schema\/logo\/image\/"},"sameAs":["https:\/\/x.com\/DezernatZ"]}]}},"_links":{"self":[{"href":"https:\/\/dezernatzukunft.org\/en\/wp-json\/wp\/v2\/mec-events\/74189","targetHints":{"allow":["GET"]}}],"collection":[{"href":"https:\/\/dezernatzukunft.org\/en\/wp-json\/wp\/v2\/mec-events"}],"about":[{"href":"https:\/\/dezernatzukunft.org\/en\/wp-json\/wp\/v2\/types\/mec-events"}],"author":[{"embeddable":true,"href":"https:\/\/dezernatzukunft.org\/en\/wp-json\/wp\/v2\/users\/42"}],"replies":[{"embeddable":true,"href":"https:\/\/dezernatzukunft.org\/en\/wp-json\/wp\/v2\/comments?post=74189"}],"wp:featuredmedia":[{"embeddable":true,"href":"https:\/\/dezernatzukunft.org\/en\/wp-json\/wp\/v2\/media\/74276"}],"wp:attachment":[{"href":"https:\/\/dezernatzukunft.org\/en\/wp-json\/wp\/v2\/media?parent=74189"}],"wp:term":[{"taxonomy":"post_tag","embeddable":true,"href":"https:\/\/dezernatzukunft.org\/en\/wp-json\/wp\/v2\/tags?post=74189"},{"taxonomy":"mec_category","embeddable":true,"href":"https:\/\/dezernatzukunft.org\/en\/wp-json\/wp\/v2\/mec_category?post=74189"},{"taxonomy":"mec_speaker","embeddable":true,"href":"https:\/\/dezernatzukunft.org\/en\/wp-json\/wp\/v2\/mec_speaker?post=74189"}],"curies":[{"name":"wp","href":"https:\/\/api.w.org\/{rel}","templated":true}]}}