{"id":71836,"date":"2023-09-14T14:34:49","date_gmt":"2023-09-14T12:34:49","guid":{"rendered":"https:\/\/dezernat-zukunft.org\/?post_type=mec-events&#038;p=71836"},"modified":"2023-10-05T10:37:14","modified_gmt":"2023-10-05T08:37:14","slug":"extern-okonominnenrunde-von-fiscal-future-4","status":"publish","type":"mec-events","link":"https:\/\/dezernatzukunft.org\/en\/events\/extern-okonominnenrunde-von-fiscal-future-4\/","title":{"rendered":"Extern: \u00d6konom:innenrunde von Fiscal Future"},"content":{"rendered":"\n<p><strong>Gast<\/strong>: Prof. Dr. Nicola Fuchs-Sch\u00fcndeln<\/p>\n\n\n\n<p><strong>Anmeldung:<\/strong> <a href=\"https:\/\/fiscalfuture.de\/de\/veranstaltungen\/oekonominnenrunde-mit-prof-dr-nicola-fuchs-schuendeln\" target=\"_blank\" rel=\"noreferrer noopener\">Zoom-Registrierung<\/a><\/p>\n\n\n\n<p>Am 14. September findet unsere f\u00fcnfte \u00d6konominnenrunde in Kooperation mit dem Dezernat Zukunft statt und wir m\u00f6chten uns mit Vorbildern in der Wissenschaft auseinandersetzen. Daf\u00fcr haben wir Prof. Dr. Nicola Fuchs-Sch\u00fcndeln eingeladen: Prof. Fuchs-Sch\u00fcndeln ist Professorin an der Goethe-Universit\u00e4t Frankfurt am Main und u.a. im Wissenschaftlichen Beirat des Bundesministeriums f\u00fcr Wirtschaft und Klimaschutz und der Bundesbank.<\/p>\n\n\n\n<p>In unserer \u00d6konominnenrunde m\u00f6chten wir in einem offenen Raum Fragen \u00fcber \u00d6konominnen in der Wissenschaft stellen und welche Erfahrungen Prof. Fuchs-Sch\u00fcndeln in ihrer wissenschaftlichen Laufbahn gemacht hat. Das Event ist offen f\u00fcr alle jungen Frauen.<\/p>\n","protected":false},"excerpt":{"rendered":"<p>Gast: Prof. Dr. Nicola Fuchs-Sch\u00fcndeln Anmeldung: Zoom-Registrierung Am 14. September findet unsere f\u00fcnfte \u00d6konominnenrunde in Kooperation mit dem Dezernat Zukunft statt und wir m\u00f6chten uns mit Vorbildern in der Wissenschaft auseinandersetzen. Daf\u00fcr haben wir Prof. Dr. Nicola Fuchs-Sch\u00fcndeln eingeladen: Prof. Fuchs-Sch\u00fcndeln ist Professorin an der Goethe-Universit\u00e4t Frankfurt am Main und u.a. im Wissenschaftlichen Beirat des Bundesministeriums f\u00fcr Wirtschaft und Klimaschutz &#8230; <a href=\"https:\/\/dezernatzukunft.org\/en\/events\/extern-okonominnenrunde-von-fiscal-future-4\/\" class=\"more-link\">Read More<\/a><\/p>\n","protected":false},"author":42,"featured_media":71719,"comment_status":"closed","ping_status":"closed","template":"","meta":{"_acf_changed":false,"_links_to":"","_links_to_target":""},"tags":[],"mec_category":[],"mec_speaker":[],"class_list":["post-71836","mec-events","type-mec-events","status-publish","has-post-thumbnail","hentry"],"acf":[],"yoast_head":"<!-- This site is optimized with the Yoast SEO plugin v26.8 - https:\/\/yoast.com\/product\/yoast-seo-wordpress\/ -->\n<title>Extern: \u00d6konom:innenrunde von Fiscal Future - Dezernat Zukunft<\/title>\n<meta name=\"robots\" content=\"index, follow, max-snippet:-1, max-image-preview:large, max-video-preview:-1\" \/>\n<link rel=\"canonical\" href=\"https:\/\/dezernatzukunft.org\/events\/extern-oekonominnenrunde-von-fiscal-future-4\/\" \/>\n<meta property=\"og:locale\" content=\"en_US\" \/>\n<meta property=\"og:type\" content=\"article\" \/>\n<meta property=\"og:title\" content=\"Extern: \u00d6konom:innenrunde von Fiscal Future - Dezernat Zukunft\" \/>\n<meta property=\"og:description\" content=\"Gast: Prof. Dr. Nicola Fuchs-Sch\u00fcndeln Anmeldung: Zoom-Registrierung Am 14. September findet unsere f\u00fcnfte \u00d6konominnenrunde in Kooperation mit dem Dezernat Zukunft statt und wir m\u00f6chten uns mit Vorbildern in der Wissenschaft auseinandersetzen. Daf\u00fcr haben wir Prof. Dr. Nicola Fuchs-Sch\u00fcndeln eingeladen: Prof. Fuchs-Sch\u00fcndeln ist Professorin an der Goethe-Universit\u00e4t Frankfurt am Main und u.a. im Wissenschaftlichen Beirat des Bundesministeriums f\u00fcr Wirtschaft und Klimaschutz ... Read More\" \/>\n<meta property=\"og:url\" content=\"https:\/\/dezernatzukunft.org\/events\/extern-oekonominnenrunde-von-fiscal-future-4\/\" \/>\n<meta property=\"og:site_name\" content=\"Dezernat Zukunft\" \/>\n<meta property=\"article:modified_time\" content=\"2023-10-05T08:37:14+00:00\" \/>\n<meta property=\"og:image\" content=\"https:\/\/dezernatzukunft.org\/wp-content\/uploads\/2023\/09\/Fuchs-Schuendeln.png\" \/>\n\t<meta property=\"og:image:width\" content=\"800\" \/>\n\t<meta property=\"og:image:height\" content=\"356\" \/>\n\t<meta property=\"og:image:type\" content=\"image\/png\" \/>\n<meta name=\"twitter:card\" content=\"summary_large_image\" \/>\n<meta name=\"twitter:site\" content=\"@DezernatZ\" \/>\n<meta name=\"twitter:label1\" content=\"Est. reading time\" \/>\n\t<meta name=\"twitter:data1\" content=\"1 minute\" \/>\n<script type=\"application\/ld+json\" class=\"yoast-schema-graph\">{\"@context\":\"https:\/\/schema.org\",\"@graph\":[{\"@type\":\"WebPage\",\"@id\":\"https:\/\/dezernatzukunft.org\/events\/extern-oekonominnenrunde-von-fiscal-future-4\/\",\"url\":\"https:\/\/dezernatzukunft.org\/events\/extern-oekonominnenrunde-von-fiscal-future-4\/\",\"name\":\"Extern: \u00d6konom:innenrunde von Fiscal Future - Dezernat Zukunft\",\"isPartOf\":{\"@id\":\"https:\/\/dezernatzukunft.org\/#website\"},\"primaryImageOfPage\":{\"@id\":\"https:\/\/dezernatzukunft.org\/events\/extern-oekonominnenrunde-von-fiscal-future-4\/#primaryimage\"},\"image\":{\"@id\":\"https:\/\/dezernatzukunft.org\/events\/extern-oekonominnenrunde-von-fiscal-future-4\/#primaryimage\"},\"thumbnailUrl\":\"https:\/\/dezernatzukunft.org\/wp-content\/uploads\/2023\/09\/Fuchs-Schuendeln.png\",\"datePublished\":\"2023-09-14T12:34:49+00:00\",\"dateModified\":\"2023-10-05T08:37:14+00:00\",\"breadcrumb\":{\"@id\":\"https:\/\/dezernatzukunft.org\/events\/extern-oekonominnenrunde-von-fiscal-future-4\/#breadcrumb\"},\"inLanguage\":\"en-US\",\"potentialAction\":[{\"@type\":\"ReadAction\",\"target\":[\"https:\/\/dezernatzukunft.org\/events\/extern-oekonominnenrunde-von-fiscal-future-4\/\"]}]},{\"@type\":\"ImageObject\",\"inLanguage\":\"en-US\",\"@id\":\"https:\/\/dezernatzukunft.org\/events\/extern-oekonominnenrunde-von-fiscal-future-4\/#primaryimage\",\"url\":\"https:\/\/dezernatzukunft.org\/wp-content\/uploads\/2023\/09\/Fuchs-Schuendeln.png\",\"contentUrl\":\"https:\/\/dezernatzukunft.org\/wp-content\/uploads\/2023\/09\/Fuchs-Schuendeln.png\",\"width\":800,\"height\":356},{\"@type\":\"BreadcrumbList\",\"@id\":\"https:\/\/dezernatzukunft.org\/events\/extern-oekonominnenrunde-von-fiscal-future-4\/#breadcrumb\",\"itemListElement\":[{\"@type\":\"ListItem\",\"position\":1,\"name\":\"Home\",\"item\":\"https:\/\/dezernatzukunft.org\/en\/home_en\/\"},{\"@type\":\"ListItem\",\"position\":2,\"name\":\"Veranstaltungen\",\"item\":\"https:\/\/dezernatzukunft.org\/events\/\"},{\"@type\":\"ListItem\",\"position\":3,\"name\":\"Extern: \u00d6konom:innenrunde von Fiscal Future\"}]},{\"@type\":\"WebSite\",\"@id\":\"https:\/\/dezernatzukunft.org\/#website\",\"url\":\"https:\/\/dezernatzukunft.org\/\",\"name\":\"Dezernat Zukunft\",\"description\":\"Institut f\u00fcr Makrofinanzen\",\"publisher\":{\"@id\":\"https:\/\/dezernatzukunft.org\/#organization\"},\"potentialAction\":[{\"@type\":\"SearchAction\",\"target\":{\"@type\":\"EntryPoint\",\"urlTemplate\":\"https:\/\/dezernatzukunft.org\/?s={search_term_string}\"},\"query-input\":{\"@type\":\"PropertyValueSpecification\",\"valueRequired\":true,\"valueName\":\"search_term_string\"}}],\"inLanguage\":\"en-US\"},{\"@type\":\"Organization\",\"@id\":\"https:\/\/dezernatzukunft.org\/#organization\",\"name\":\"Dezernat Zukunft\",\"url\":\"https:\/\/dezernatzukunft.org\/\",\"logo\":{\"@type\":\"ImageObject\",\"inLanguage\":\"en-US\",\"@id\":\"https:\/\/dezernatzukunft.org\/#\/schema\/logo\/image\/\",\"url\":\"https:\/\/dezernatzukunft.org\/wp-content\/uploads\/2022\/05\/Dezernat_Zukunft-01_Zeichenfla\u0308che-1.png\",\"contentUrl\":\"https:\/\/dezernatzukunft.org\/wp-content\/uploads\/2022\/05\/Dezernat_Zukunft-01_Zeichenfla\u0308che-1.png\",\"width\":966,\"height\":167,\"caption\":\"Dezernat Zukunft\"},\"image\":{\"@id\":\"https:\/\/dezernatzukunft.org\/#\/schema\/logo\/image\/\"},\"sameAs\":[\"https:\/\/x.com\/DezernatZ\"]}]}<\/script>\n<!-- \/ Yoast SEO plugin. -->","yoast_head_json":{"title":"Extern: \u00d6konom:innenrunde von Fiscal Future - Dezernat Zukunft","robots":{"index":"index","follow":"follow","max-snippet":"max-snippet:-1","max-image-preview":"max-image-preview:large","max-video-preview":"max-video-preview:-1"},"canonical":"https:\/\/dezernatzukunft.org\/events\/extern-oekonominnenrunde-von-fiscal-future-4\/","og_locale":"en_US","og_type":"article","og_title":"Extern: \u00d6konom:innenrunde von Fiscal Future - Dezernat Zukunft","og_description":"Gast: Prof. Dr. Nicola Fuchs-Sch\u00fcndeln Anmeldung: Zoom-Registrierung Am 14. September findet unsere f\u00fcnfte \u00d6konominnenrunde in Kooperation mit dem Dezernat Zukunft statt und wir m\u00f6chten uns mit Vorbildern in der Wissenschaft auseinandersetzen. Daf\u00fcr haben wir Prof. Dr. Nicola Fuchs-Sch\u00fcndeln eingeladen: Prof. Fuchs-Sch\u00fcndeln ist Professorin an der Goethe-Universit\u00e4t Frankfurt am Main und u.a. im Wissenschaftlichen Beirat des Bundesministeriums f\u00fcr Wirtschaft und Klimaschutz ... Read More","og_url":"https:\/\/dezernatzukunft.org\/events\/extern-oekonominnenrunde-von-fiscal-future-4\/","og_site_name":"Dezernat Zukunft","article_modified_time":"2023-10-05T08:37:14+00:00","og_image":[{"width":800,"height":356,"url":"https:\/\/dezernatzukunft.org\/wp-content\/uploads\/2023\/09\/Fuchs-Schuendeln.png","type":"image\/png"}],"twitter_card":"summary_large_image","twitter_site":"@DezernatZ","twitter_misc":{"Est. reading time":"1 minute"},"schema":{"@context":"https:\/\/schema.org","@graph":[{"@type":"WebPage","@id":"https:\/\/dezernatzukunft.org\/events\/extern-oekonominnenrunde-von-fiscal-future-4\/","url":"https:\/\/dezernatzukunft.org\/events\/extern-oekonominnenrunde-von-fiscal-future-4\/","name":"Extern: \u00d6konom:innenrunde von Fiscal Future - Dezernat Zukunft","isPartOf":{"@id":"https:\/\/dezernatzukunft.org\/#website"},"primaryImageOfPage":{"@id":"https:\/\/dezernatzukunft.org\/events\/extern-oekonominnenrunde-von-fiscal-future-4\/#primaryimage"},"image":{"@id":"https:\/\/dezernatzukunft.org\/events\/extern-oekonominnenrunde-von-fiscal-future-4\/#primaryimage"},"thumbnailUrl":"https:\/\/dezernatzukunft.org\/wp-content\/uploads\/2023\/09\/Fuchs-Schuendeln.png","datePublished":"2023-09-14T12:34:49+00:00","dateModified":"2023-10-05T08:37:14+00:00","breadcrumb":{"@id":"https:\/\/dezernatzukunft.org\/events\/extern-oekonominnenrunde-von-fiscal-future-4\/#breadcrumb"},"inLanguage":"en-US","potentialAction":[{"@type":"ReadAction","target":["https:\/\/dezernatzukunft.org\/events\/extern-oekonominnenrunde-von-fiscal-future-4\/"]}]},{"@type":"ImageObject","inLanguage":"en-US","@id":"https:\/\/dezernatzukunft.org\/events\/extern-oekonominnenrunde-von-fiscal-future-4\/#primaryimage","url":"https:\/\/dezernatzukunft.org\/wp-content\/uploads\/2023\/09\/Fuchs-Schuendeln.png","contentUrl":"https:\/\/dezernatzukunft.org\/wp-content\/uploads\/2023\/09\/Fuchs-Schuendeln.png","width":800,"height":356},{"@type":"BreadcrumbList","@id":"https:\/\/dezernatzukunft.org\/events\/extern-oekonominnenrunde-von-fiscal-future-4\/#breadcrumb","itemListElement":[{"@type":"ListItem","position":1,"name":"Home","item":"https:\/\/dezernatzukunft.org\/en\/home_en\/"},{"@type":"ListItem","position":2,"name":"Veranstaltungen","item":"https:\/\/dezernatzukunft.org\/events\/"},{"@type":"ListItem","position":3,"name":"Extern: \u00d6konom:innenrunde von Fiscal Future"}]},{"@type":"WebSite","@id":"https:\/\/dezernatzukunft.org\/#website","url":"https:\/\/dezernatzukunft.org\/","name":"Dezernat Zukunft","description":"Institut f\u00fcr Makrofinanzen","publisher":{"@id":"https:\/\/dezernatzukunft.org\/#organization"},"potentialAction":[{"@type":"SearchAction","target":{"@type":"EntryPoint","urlTemplate":"https:\/\/dezernatzukunft.org\/?s={search_term_string}"},"query-input":{"@type":"PropertyValueSpecification","valueRequired":true,"valueName":"search_term_string"}}],"inLanguage":"en-US"},{"@type":"Organization","@id":"https:\/\/dezernatzukunft.org\/#organization","name":"Dezernat Zukunft","url":"https:\/\/dezernatzukunft.org\/","logo":{"@type":"ImageObject","inLanguage":"en-US","@id":"https:\/\/dezernatzukunft.org\/#\/schema\/logo\/image\/","url":"https:\/\/dezernatzukunft.org\/wp-content\/uploads\/2022\/05\/Dezernat_Zukunft-01_Zeichenfla\u0308che-1.png","contentUrl":"https:\/\/dezernatzukunft.org\/wp-content\/uploads\/2022\/05\/Dezernat_Zukunft-01_Zeichenfla\u0308che-1.png","width":966,"height":167,"caption":"Dezernat Zukunft"},"image":{"@id":"https:\/\/dezernatzukunft.org\/#\/schema\/logo\/image\/"},"sameAs":["https:\/\/x.com\/DezernatZ"]}]}},"_links":{"self":[{"href":"https:\/\/dezernatzukunft.org\/en\/wp-json\/wp\/v2\/mec-events\/71836","targetHints":{"allow":["GET"]}}],"collection":[{"href":"https:\/\/dezernatzukunft.org\/en\/wp-json\/wp\/v2\/mec-events"}],"about":[{"href":"https:\/\/dezernatzukunft.org\/en\/wp-json\/wp\/v2\/types\/mec-events"}],"author":[{"embeddable":true,"href":"https:\/\/dezernatzukunft.org\/en\/wp-json\/wp\/v2\/users\/42"}],"replies":[{"embeddable":true,"href":"https:\/\/dezernatzukunft.org\/en\/wp-json\/wp\/v2\/comments?post=71836"}],"wp:featuredmedia":[{"embeddable":true,"href":"https:\/\/dezernatzukunft.org\/en\/wp-json\/wp\/v2\/media\/71719"}],"wp:attachment":[{"href":"https:\/\/dezernatzukunft.org\/en\/wp-json\/wp\/v2\/media?parent=71836"}],"wp:term":[{"taxonomy":"post_tag","embeddable":true,"href":"https:\/\/dezernatzukunft.org\/en\/wp-json\/wp\/v2\/tags?post=71836"},{"taxonomy":"mec_category","embeddable":true,"href":"https:\/\/dezernatzukunft.org\/en\/wp-json\/wp\/v2\/mec_category?post=71836"},{"taxonomy":"mec_speaker","embeddable":true,"href":"https:\/\/dezernatzukunft.org\/en\/wp-json\/wp\/v2\/mec_speaker?post=71836"}],"curies":[{"name":"wp","href":"https:\/\/api.w.org\/{rel}","templated":true}]}}