{"id":68617,"date":"2022-12-15T11:27:46","date_gmt":"2022-12-15T10:27:46","guid":{"rendered":"https:\/\/dezernat-zukunft.org\/?post_type=mec-events&#038;p=68617"},"modified":"2023-02-07T11:55:55","modified_gmt":"2023-02-07T10:55:55","slug":"extern-rbb-inforadio-das-forum-zum-thema-krise-der-mittelschicht-wer-profitiert-wer-leidet","status":"publish","type":"mec-events","link":"https:\/\/dezernatzukunft.org\/en\/events\/extern-rbb-inforadio-das-forum-zum-thema-krise-der-mittelschicht-wer-profitiert-wer-leidet\/","title":{"rendered":"Extern: RBB-Inforadio &#8220;Das Forum&#8221; zum Thema \u201eKrise der Mittelschicht! Wer profitiert, wer leidet?\u201c"},"content":{"rendered":"\n<p><strong>Gast vom Dezernat:<\/strong> Philippa Sigl-Gl\u00f6ckner<\/p>\n\n\n\n<p><strong>Radiosendung<\/strong>: Die Veranstaltung wird im rbb24 Inforadio in der Sendereihe \u201eDas Forum\u201c am 22.1.2023 um 11 Uhr gesendet.<\/p>\n\n\n\n<p><strong>Beschreibung:<\/strong> Der Winter stellt sowohl die Verbraucher*innen als auch die Wirtschaft vor gro\u00dfe Herausforderungen, deren Auswirkungen bis in die Mitte der Gesellschaft reichen. Zur Mittelschicht z\u00e4hlen in Deutschland etwa drei Viertel der Bev\u00f6lkerung, sie gilt bislang als stabiles Fundament der Gesellschaft. W\u00e4hrend jedoch viele Menschen bis weit in die Mittelschicht hinein mit steigenden Preisen und hohen Energiekosten k\u00e4mpfen, ist die Wirtschaft zuletzt sogar noch leicht gewachsen \u2013 Inflation und Energiekrise zum Trotz. Welche Mitte leidet also unter dieser Krise? Wer profitiert? Wie sind diese Lebensunterschiede in der Mittelschicht entstanden? Was kann Politik tun, um den Abstieg der unteren Mitte aufzuhalten? Welche Folgen hat eine br\u00f6ckelnde Mittelschicht?<\/p>\n","protected":false},"excerpt":{"rendered":"<p>Gast vom Dezernat: Philippa Sigl-Gl\u00f6ckner Radiosendung: Die Veranstaltung wird im rbb24 Inforadio in der Sendereihe \u201eDas Forum\u201c am 22.1.2023 um 11 Uhr gesendet. Beschreibung: Der Winter stellt sowohl die Verbraucher*innen als auch die Wirtschaft vor gro\u00dfe Herausforderungen, deren Auswirkungen bis in die Mitte der Gesellschaft reichen. Zur Mittelschicht z\u00e4hlen in Deutschland etwa drei Viertel der Bev\u00f6lkerung, sie gilt bislang als &#8230; <a href=\"https:\/\/dezernatzukunft.org\/en\/events\/extern-rbb-inforadio-das-forum-zum-thema-krise-der-mittelschicht-wer-profitiert-wer-leidet\/\" class=\"more-link\">Read More<\/a><\/p>\n","protected":false},"author":42,"featured_media":67168,"comment_status":"closed","ping_status":"closed","template":"","meta":{"_acf_changed":false,"_links_to":"","_links_to_target":""},"tags":[],"mec_category":[],"mec_speaker":[],"class_list":["post-68617","mec-events","type-mec-events","status-publish","has-post-thumbnail","hentry"],"acf":[],"yoast_head":"<!-- This site is optimized with the Yoast SEO plugin v26.8 - https:\/\/yoast.com\/product\/yoast-seo-wordpress\/ -->\n<title>Extern: RBB-Inforadio &quot;Das Forum&quot; zum Thema \u201eKrise der Mittelschicht! Wer profitiert, wer leidet?\u201c - Dezernat Zukunft<\/title>\n<meta name=\"robots\" content=\"index, follow, max-snippet:-1, max-image-preview:large, max-video-preview:-1\" \/>\n<link rel=\"canonical\" href=\"https:\/\/dezernatzukunft.org\/events\/extern-rbb-inforadio-das-forum-zum-thema-krise-der-mittelschicht-wer-profitiert-wer-leidet\/\" \/>\n<meta property=\"og:locale\" content=\"en_US\" \/>\n<meta property=\"og:type\" content=\"article\" \/>\n<meta property=\"og:title\" content=\"Extern: RBB-Inforadio &quot;Das Forum&quot; zum Thema \u201eKrise der Mittelschicht! Wer profitiert, wer leidet?\u201c - Dezernat Zukunft\" \/>\n<meta property=\"og:description\" content=\"Gast vom Dezernat: Philippa Sigl-Gl\u00f6ckner Radiosendung: Die Veranstaltung wird im rbb24 Inforadio in der Sendereihe \u201eDas Forum\u201c am 22.1.2023 um 11 Uhr gesendet. Beschreibung: Der Winter stellt sowohl die Verbraucher*innen als auch die Wirtschaft vor gro\u00dfe Herausforderungen, deren Auswirkungen bis in die Mitte der Gesellschaft reichen. Zur Mittelschicht z\u00e4hlen in Deutschland etwa drei Viertel der Bev\u00f6lkerung, sie gilt bislang als ... Read More\" \/>\n<meta property=\"og:url\" content=\"https:\/\/dezernatzukunft.org\/events\/extern-rbb-inforadio-das-forum-zum-thema-krise-der-mittelschicht-wer-profitiert-wer-leidet\/\" \/>\n<meta property=\"og:site_name\" content=\"Dezernat Zukunft\" \/>\n<meta property=\"article:modified_time\" content=\"2023-02-07T10:55:55+00:00\" \/>\n<meta property=\"og:image\" content=\"https:\/\/dezernatzukunft.org\/wp-content\/uploads\/2022\/12\/Event_extern-inforadio-Forum.png\" \/>\n\t<meta property=\"og:image:width\" content=\"800\" \/>\n\t<meta property=\"og:image:height\" content=\"356\" \/>\n\t<meta property=\"og:image:type\" content=\"image\/png\" \/>\n<meta name=\"twitter:card\" content=\"summary_large_image\" \/>\n<meta name=\"twitter:site\" content=\"@DezernatZ\" \/>\n<meta name=\"twitter:label1\" content=\"Est. reading time\" \/>\n\t<meta name=\"twitter:data1\" content=\"1 minute\" \/>\n<script type=\"application\/ld+json\" class=\"yoast-schema-graph\">{\"@context\":\"https:\/\/schema.org\",\"@graph\":[{\"@type\":\"WebPage\",\"@id\":\"https:\/\/dezernatzukunft.org\/events\/extern-rbb-inforadio-das-forum-zum-thema-krise-der-mittelschicht-wer-profitiert-wer-leidet\/\",\"url\":\"https:\/\/dezernatzukunft.org\/events\/extern-rbb-inforadio-das-forum-zum-thema-krise-der-mittelschicht-wer-profitiert-wer-leidet\/\",\"name\":\"Extern: RBB-Inforadio \\\"Das Forum\\\" zum Thema \u201eKrise der Mittelschicht! Wer profitiert, wer leidet?\u201c - Dezernat Zukunft\",\"isPartOf\":{\"@id\":\"https:\/\/dezernatzukunft.org\/#website\"},\"primaryImageOfPage\":{\"@id\":\"https:\/\/dezernatzukunft.org\/events\/extern-rbb-inforadio-das-forum-zum-thema-krise-der-mittelschicht-wer-profitiert-wer-leidet\/#primaryimage\"},\"image\":{\"@id\":\"https:\/\/dezernatzukunft.org\/events\/extern-rbb-inforadio-das-forum-zum-thema-krise-der-mittelschicht-wer-profitiert-wer-leidet\/#primaryimage\"},\"thumbnailUrl\":\"https:\/\/dezernatzukunft.org\/wp-content\/uploads\/2022\/12\/Event_extern-inforadio-Forum.png\",\"datePublished\":\"2022-12-15T10:27:46+00:00\",\"dateModified\":\"2023-02-07T10:55:55+00:00\",\"breadcrumb\":{\"@id\":\"https:\/\/dezernatzukunft.org\/events\/extern-rbb-inforadio-das-forum-zum-thema-krise-der-mittelschicht-wer-profitiert-wer-leidet\/#breadcrumb\"},\"inLanguage\":\"en-US\",\"potentialAction\":[{\"@type\":\"ReadAction\",\"target\":[\"https:\/\/dezernatzukunft.org\/events\/extern-rbb-inforadio-das-forum-zum-thema-krise-der-mittelschicht-wer-profitiert-wer-leidet\/\"]}]},{\"@type\":\"ImageObject\",\"inLanguage\":\"en-US\",\"@id\":\"https:\/\/dezernatzukunft.org\/events\/extern-rbb-inforadio-das-forum-zum-thema-krise-der-mittelschicht-wer-profitiert-wer-leidet\/#primaryimage\",\"url\":\"https:\/\/dezernatzukunft.org\/wp-content\/uploads\/2022\/12\/Event_extern-inforadio-Forum.png\",\"contentUrl\":\"https:\/\/dezernatzukunft.org\/wp-content\/uploads\/2022\/12\/Event_extern-inforadio-Forum.png\",\"width\":800,\"height\":356},{\"@type\":\"BreadcrumbList\",\"@id\":\"https:\/\/dezernatzukunft.org\/events\/extern-rbb-inforadio-das-forum-zum-thema-krise-der-mittelschicht-wer-profitiert-wer-leidet\/#breadcrumb\",\"itemListElement\":[{\"@type\":\"ListItem\",\"position\":1,\"name\":\"Home\",\"item\":\"https:\/\/dezernatzukunft.org\/en\/home_en\/\"},{\"@type\":\"ListItem\",\"position\":2,\"name\":\"Veranstaltungen\",\"item\":\"https:\/\/dezernatzukunft.org\/events\/\"},{\"@type\":\"ListItem\",\"position\":3,\"name\":\"Extern: RBB-Inforadio &#8220;Das Forum&#8221; zum Thema \u201eKrise der Mittelschicht! Wer profitiert, wer leidet?\u201c\"}]},{\"@type\":\"WebSite\",\"@id\":\"https:\/\/dezernatzukunft.org\/#website\",\"url\":\"https:\/\/dezernatzukunft.org\/\",\"name\":\"Dezernat Zukunft\",\"description\":\"Institut f\u00fcr Makrofinanzen\",\"publisher\":{\"@id\":\"https:\/\/dezernatzukunft.org\/#organization\"},\"potentialAction\":[{\"@type\":\"SearchAction\",\"target\":{\"@type\":\"EntryPoint\",\"urlTemplate\":\"https:\/\/dezernatzukunft.org\/?s={search_term_string}\"},\"query-input\":{\"@type\":\"PropertyValueSpecification\",\"valueRequired\":true,\"valueName\":\"search_term_string\"}}],\"inLanguage\":\"en-US\"},{\"@type\":\"Organization\",\"@id\":\"https:\/\/dezernatzukunft.org\/#organization\",\"name\":\"Dezernat Zukunft\",\"url\":\"https:\/\/dezernatzukunft.org\/\",\"logo\":{\"@type\":\"ImageObject\",\"inLanguage\":\"en-US\",\"@id\":\"https:\/\/dezernatzukunft.org\/#\/schema\/logo\/image\/\",\"url\":\"https:\/\/dezernatzukunft.org\/wp-content\/uploads\/2022\/05\/Dezernat_Zukunft-01_Zeichenfla\u0308che-1.png\",\"contentUrl\":\"https:\/\/dezernatzukunft.org\/wp-content\/uploads\/2022\/05\/Dezernat_Zukunft-01_Zeichenfla\u0308che-1.png\",\"width\":966,\"height\":167,\"caption\":\"Dezernat Zukunft\"},\"image\":{\"@id\":\"https:\/\/dezernatzukunft.org\/#\/schema\/logo\/image\/\"},\"sameAs\":[\"https:\/\/x.com\/DezernatZ\"]}]}<\/script>\n<!-- \/ Yoast SEO plugin. -->","yoast_head_json":{"title":"Extern: RBB-Inforadio \"Das Forum\" zum Thema \u201eKrise der Mittelschicht! Wer profitiert, wer leidet?\u201c - Dezernat Zukunft","robots":{"index":"index","follow":"follow","max-snippet":"max-snippet:-1","max-image-preview":"max-image-preview:large","max-video-preview":"max-video-preview:-1"},"canonical":"https:\/\/dezernatzukunft.org\/events\/extern-rbb-inforadio-das-forum-zum-thema-krise-der-mittelschicht-wer-profitiert-wer-leidet\/","og_locale":"en_US","og_type":"article","og_title":"Extern: RBB-Inforadio \"Das Forum\" zum Thema \u201eKrise der Mittelschicht! Wer profitiert, wer leidet?\u201c - Dezernat Zukunft","og_description":"Gast vom Dezernat: Philippa Sigl-Gl\u00f6ckner Radiosendung: Die Veranstaltung wird im rbb24 Inforadio in der Sendereihe \u201eDas Forum\u201c am 22.1.2023 um 11 Uhr gesendet. Beschreibung: Der Winter stellt sowohl die Verbraucher*innen als auch die Wirtschaft vor gro\u00dfe Herausforderungen, deren Auswirkungen bis in die Mitte der Gesellschaft reichen. Zur Mittelschicht z\u00e4hlen in Deutschland etwa drei Viertel der Bev\u00f6lkerung, sie gilt bislang als ... Read More","og_url":"https:\/\/dezernatzukunft.org\/events\/extern-rbb-inforadio-das-forum-zum-thema-krise-der-mittelschicht-wer-profitiert-wer-leidet\/","og_site_name":"Dezernat Zukunft","article_modified_time":"2023-02-07T10:55:55+00:00","og_image":[{"width":800,"height":356,"url":"https:\/\/dezernatzukunft.org\/wp-content\/uploads\/2022\/12\/Event_extern-inforadio-Forum.png","type":"image\/png"}],"twitter_card":"summary_large_image","twitter_site":"@DezernatZ","twitter_misc":{"Est. reading time":"1 minute"},"schema":{"@context":"https:\/\/schema.org","@graph":[{"@type":"WebPage","@id":"https:\/\/dezernatzukunft.org\/events\/extern-rbb-inforadio-das-forum-zum-thema-krise-der-mittelschicht-wer-profitiert-wer-leidet\/","url":"https:\/\/dezernatzukunft.org\/events\/extern-rbb-inforadio-das-forum-zum-thema-krise-der-mittelschicht-wer-profitiert-wer-leidet\/","name":"Extern: RBB-Inforadio \"Das Forum\" zum Thema \u201eKrise der Mittelschicht! Wer profitiert, wer leidet?\u201c - Dezernat Zukunft","isPartOf":{"@id":"https:\/\/dezernatzukunft.org\/#website"},"primaryImageOfPage":{"@id":"https:\/\/dezernatzukunft.org\/events\/extern-rbb-inforadio-das-forum-zum-thema-krise-der-mittelschicht-wer-profitiert-wer-leidet\/#primaryimage"},"image":{"@id":"https:\/\/dezernatzukunft.org\/events\/extern-rbb-inforadio-das-forum-zum-thema-krise-der-mittelschicht-wer-profitiert-wer-leidet\/#primaryimage"},"thumbnailUrl":"https:\/\/dezernatzukunft.org\/wp-content\/uploads\/2022\/12\/Event_extern-inforadio-Forum.png","datePublished":"2022-12-15T10:27:46+00:00","dateModified":"2023-02-07T10:55:55+00:00","breadcrumb":{"@id":"https:\/\/dezernatzukunft.org\/events\/extern-rbb-inforadio-das-forum-zum-thema-krise-der-mittelschicht-wer-profitiert-wer-leidet\/#breadcrumb"},"inLanguage":"en-US","potentialAction":[{"@type":"ReadAction","target":["https:\/\/dezernatzukunft.org\/events\/extern-rbb-inforadio-das-forum-zum-thema-krise-der-mittelschicht-wer-profitiert-wer-leidet\/"]}]},{"@type":"ImageObject","inLanguage":"en-US","@id":"https:\/\/dezernatzukunft.org\/events\/extern-rbb-inforadio-das-forum-zum-thema-krise-der-mittelschicht-wer-profitiert-wer-leidet\/#primaryimage","url":"https:\/\/dezernatzukunft.org\/wp-content\/uploads\/2022\/12\/Event_extern-inforadio-Forum.png","contentUrl":"https:\/\/dezernatzukunft.org\/wp-content\/uploads\/2022\/12\/Event_extern-inforadio-Forum.png","width":800,"height":356},{"@type":"BreadcrumbList","@id":"https:\/\/dezernatzukunft.org\/events\/extern-rbb-inforadio-das-forum-zum-thema-krise-der-mittelschicht-wer-profitiert-wer-leidet\/#breadcrumb","itemListElement":[{"@type":"ListItem","position":1,"name":"Home","item":"https:\/\/dezernatzukunft.org\/en\/home_en\/"},{"@type":"ListItem","position":2,"name":"Veranstaltungen","item":"https:\/\/dezernatzukunft.org\/events\/"},{"@type":"ListItem","position":3,"name":"Extern: RBB-Inforadio &#8220;Das Forum&#8221; zum Thema \u201eKrise der Mittelschicht! Wer profitiert, wer leidet?\u201c"}]},{"@type":"WebSite","@id":"https:\/\/dezernatzukunft.org\/#website","url":"https:\/\/dezernatzukunft.org\/","name":"Dezernat Zukunft","description":"Institut f\u00fcr Makrofinanzen","publisher":{"@id":"https:\/\/dezernatzukunft.org\/#organization"},"potentialAction":[{"@type":"SearchAction","target":{"@type":"EntryPoint","urlTemplate":"https:\/\/dezernatzukunft.org\/?s={search_term_string}"},"query-input":{"@type":"PropertyValueSpecification","valueRequired":true,"valueName":"search_term_string"}}],"inLanguage":"en-US"},{"@type":"Organization","@id":"https:\/\/dezernatzukunft.org\/#organization","name":"Dezernat Zukunft","url":"https:\/\/dezernatzukunft.org\/","logo":{"@type":"ImageObject","inLanguage":"en-US","@id":"https:\/\/dezernatzukunft.org\/#\/schema\/logo\/image\/","url":"https:\/\/dezernatzukunft.org\/wp-content\/uploads\/2022\/05\/Dezernat_Zukunft-01_Zeichenfla\u0308che-1.png","contentUrl":"https:\/\/dezernatzukunft.org\/wp-content\/uploads\/2022\/05\/Dezernat_Zukunft-01_Zeichenfla\u0308che-1.png","width":966,"height":167,"caption":"Dezernat Zukunft"},"image":{"@id":"https:\/\/dezernatzukunft.org\/#\/schema\/logo\/image\/"},"sameAs":["https:\/\/x.com\/DezernatZ"]}]}},"_links":{"self":[{"href":"https:\/\/dezernatzukunft.org\/en\/wp-json\/wp\/v2\/mec-events\/68617","targetHints":{"allow":["GET"]}}],"collection":[{"href":"https:\/\/dezernatzukunft.org\/en\/wp-json\/wp\/v2\/mec-events"}],"about":[{"href":"https:\/\/dezernatzukunft.org\/en\/wp-json\/wp\/v2\/types\/mec-events"}],"author":[{"embeddable":true,"href":"https:\/\/dezernatzukunft.org\/en\/wp-json\/wp\/v2\/users\/42"}],"replies":[{"embeddable":true,"href":"https:\/\/dezernatzukunft.org\/en\/wp-json\/wp\/v2\/comments?post=68617"}],"wp:featuredmedia":[{"embeddable":true,"href":"https:\/\/dezernatzukunft.org\/en\/wp-json\/wp\/v2\/media\/67168"}],"wp:attachment":[{"href":"https:\/\/dezernatzukunft.org\/en\/wp-json\/wp\/v2\/media?parent=68617"}],"wp:term":[{"taxonomy":"post_tag","embeddable":true,"href":"https:\/\/dezernatzukunft.org\/en\/wp-json\/wp\/v2\/tags?post=68617"},{"taxonomy":"mec_category","embeddable":true,"href":"https:\/\/dezernatzukunft.org\/en\/wp-json\/wp\/v2\/mec_category?post=68617"},{"taxonomy":"mec_speaker","embeddable":true,"href":"https:\/\/dezernatzukunft.org\/en\/wp-json\/wp\/v2\/mec_speaker?post=68617"}],"curies":[{"name":"wp","href":"https:\/\/api.w.org\/{rel}","templated":true}]}}