{"id":13678,"date":"2022-09-27T10:00:00","date_gmt":"2022-09-27T08:00:00","guid":{"rendered":"https:\/\/dezernat-zukunft.org\/?post_type=mec-events&#038;p=13678"},"modified":"2022-09-27T12:38:59","modified_gmt":"2022-09-27T10:38:59","slug":"open-house-webinar-mit-peter-schmidt-und-christoph-martin-mai","status":"publish","type":"mec-events","link":"https:\/\/dezernatzukunft.org\/en\/events\/open-house-webinar-mit-peter-schmidt-und-christoph-martin-mai\/","title":{"rendered":"Open House Webinar mit Peter Schmidt und Christoph-Martin Mai"},"content":{"rendered":"\n<p><strong>Gast:<\/strong> Peter Schmidt, Christoph-Martin Mai<\/p>\n\n\n\n<p><strong>Moderation:<\/strong> Florian Schuster<\/p>\n\n\n\n<p><strong>Anmeldung:<\/strong> <a href=\"https:\/\/us02web.zoom.us\/meeting\/register\/tZIld-yrqD8uGdcQaGjsmkBxNJRRzFWkK4bG\">Zoom-Registrierung<\/a><\/p>\n\n\n\n<p><strong>Beschreibung:<\/strong> Wir m\u00f6chten \u00fcber Preise sprechen &#8211; besser gesagt \u00fcber die Verbraucherpreisstatistik. Wie werden die Daten erhoben und verarbeitet, aus denen sich sp\u00e4ter die Inflationsrate speist? Inwiefern beeinflussen Besonderheiten wie beispielsweise im Energiebereich die Weitergabe von Preiserh\u00f6hungen an Verbraucher:innen? Und lassen sich daraus R\u00fcckschl\u00fcsse auf die sich abzeichnende Entwicklung ziehen?<\/p>\n\n\n\n<p>Wir freuen uns sehr mit Peter Schmidt, Direktor der Abteilung f\u00fcr Volkswirtschaftliche Gesamtrechnungen und Preise, und Christoph-Martin Mai, Referatsleiter Verbraucherpreise, zwei ausgewiesene Experten des Statistischen Bundesamts begr\u00fc\u00dfen zu d\u00fcrfen.<\/p>\n\n\n\n<p>Peter Schmidt und Christoph-Martin Mai werden zu Beginn einen kurzen \u00dcberblick \u00fcber das Thema geben, die Verbraucherpreisstatistik neben den unterschiedlichen Preisindizes einordnen und anschlie\u00dfend bestm\u00f6glich auf unsere und Eure Fragen eingehen.<\/p>\n\n\n\n<p>Um 19 Uhr geht es los. Wie gewohnt bitten wir um eine vorherige&nbsp;Registrierung.<\/p>\n","protected":false},"excerpt":{"rendered":"<p>Gast: Peter Schmidt, Christoph-Martin Mai Moderation: Florian Schuster Anmeldung: Zoom-Registrierung Beschreibung: Wir m\u00f6chten \u00fcber Preise sprechen &#8211; besser gesagt \u00fcber die Verbraucherpreisstatistik. Wie werden die Daten erhoben und verarbeitet, aus denen sich sp\u00e4ter die Inflationsrate speist? Inwiefern beeinflussen Besonderheiten wie beispielsweise im Energiebereich die Weitergabe von Preiserh\u00f6hungen an Verbraucher:innen? Und lassen sich daraus R\u00fcckschl\u00fcsse auf die sich abzeichnende Entwicklung ziehen? &#8230; <a href=\"https:\/\/dezernatzukunft.org\/en\/events\/open-house-webinar-mit-peter-schmidt-und-christoph-martin-mai\/\" class=\"more-link\">Read More<\/a><\/p>\n","protected":false},"author":62,"featured_media":13667,"comment_status":"closed","ping_status":"closed","template":"","meta":{"_acf_changed":false,"_links_to":"","_links_to_target":""},"tags":[],"mec_category":[71,205],"mec_speaker":[],"class_list":["post-13678","mec-events","type-mec-events","status-publish","has-post-thumbnail","hentry","mec_category-open-house-webinar","mec_category-open-house-webinar-en"],"acf":[],"yoast_head":"<!-- This site is optimized with the Yoast SEO plugin v26.8 - https:\/\/yoast.com\/product\/yoast-seo-wordpress\/ -->\n<title>Open House Webinar mit Peter Schmidt und Christoph-Martin Mai - Dezernat Zukunft<\/title>\n<meta name=\"robots\" content=\"index, follow, max-snippet:-1, max-image-preview:large, max-video-preview:-1\" \/>\n<link rel=\"canonical\" href=\"https:\/\/dezernatzukunft.org\/events\/open-house-webinar-mit-peter-schmidt-und-christoph-martin-mai\/\" \/>\n<meta property=\"og:locale\" content=\"en_US\" \/>\n<meta property=\"og:type\" content=\"article\" \/>\n<meta property=\"og:title\" content=\"Open House Webinar mit Peter Schmidt und Christoph-Martin Mai - Dezernat Zukunft\" \/>\n<meta property=\"og:description\" content=\"Gast: Peter Schmidt, Christoph-Martin Mai Moderation: Florian Schuster Anmeldung: Zoom-Registrierung Beschreibung: Wir m\u00f6chten \u00fcber Preise sprechen &#8211; besser gesagt \u00fcber die Verbraucherpreisstatistik. Wie werden die Daten erhoben und verarbeitet, aus denen sich sp\u00e4ter die Inflationsrate speist? Inwiefern beeinflussen Besonderheiten wie beispielsweise im Energiebereich die Weitergabe von Preiserh\u00f6hungen an Verbraucher:innen? Und lassen sich daraus R\u00fcckschl\u00fcsse auf die sich abzeichnende Entwicklung ziehen? ... Read More\" \/>\n<meta property=\"og:url\" content=\"https:\/\/dezernatzukunft.org\/events\/open-house-webinar-mit-peter-schmidt-und-christoph-martin-mai\/\" \/>\n<meta property=\"og:site_name\" content=\"Dezernat Zukunft\" \/>\n<meta property=\"article:modified_time\" content=\"2022-09-27T10:38:59+00:00\" \/>\n<meta property=\"og:image\" content=\"https:\/\/dezernatzukunft.org\/wp-content\/uploads\/2022\/09\/Einladungstemplate1.png\" \/>\n\t<meta property=\"og:image:width\" content=\"1631\" \/>\n\t<meta property=\"og:image:height\" content=\"726\" \/>\n\t<meta property=\"og:image:type\" content=\"image\/png\" \/>\n<meta name=\"twitter:card\" content=\"summary_large_image\" \/>\n<meta name=\"twitter:site\" content=\"@DezernatZ\" \/>\n<meta name=\"twitter:label1\" content=\"Est. reading time\" \/>\n\t<meta name=\"twitter:data1\" content=\"1 minute\" \/>\n<script type=\"application\/ld+json\" class=\"yoast-schema-graph\">{\"@context\":\"https:\/\/schema.org\",\"@graph\":[{\"@type\":\"WebPage\",\"@id\":\"https:\/\/dezernatzukunft.org\/events\/open-house-webinar-mit-peter-schmidt-und-christoph-martin-mai\/\",\"url\":\"https:\/\/dezernatzukunft.org\/events\/open-house-webinar-mit-peter-schmidt-und-christoph-martin-mai\/\",\"name\":\"Open House Webinar mit Peter Schmidt und Christoph-Martin Mai - Dezernat Zukunft\",\"isPartOf\":{\"@id\":\"https:\/\/dezernatzukunft.org\/#website\"},\"primaryImageOfPage\":{\"@id\":\"https:\/\/dezernatzukunft.org\/events\/open-house-webinar-mit-peter-schmidt-und-christoph-martin-mai\/#primaryimage\"},\"image\":{\"@id\":\"https:\/\/dezernatzukunft.org\/events\/open-house-webinar-mit-peter-schmidt-und-christoph-martin-mai\/#primaryimage\"},\"thumbnailUrl\":\"https:\/\/dezernatzukunft.org\/wp-content\/uploads\/2022\/09\/Einladungstemplate1.png\",\"datePublished\":\"2022-09-27T08:00:00+00:00\",\"dateModified\":\"2022-09-27T10:38:59+00:00\",\"breadcrumb\":{\"@id\":\"https:\/\/dezernatzukunft.org\/events\/open-house-webinar-mit-peter-schmidt-und-christoph-martin-mai\/#breadcrumb\"},\"inLanguage\":\"en-US\",\"potentialAction\":[{\"@type\":\"ReadAction\",\"target\":[\"https:\/\/dezernatzukunft.org\/events\/open-house-webinar-mit-peter-schmidt-und-christoph-martin-mai\/\"]}]},{\"@type\":\"ImageObject\",\"inLanguage\":\"en-US\",\"@id\":\"https:\/\/dezernatzukunft.org\/events\/open-house-webinar-mit-peter-schmidt-und-christoph-martin-mai\/#primaryimage\",\"url\":\"https:\/\/dezernatzukunft.org\/wp-content\/uploads\/2022\/09\/Einladungstemplate1.png\",\"contentUrl\":\"https:\/\/dezernatzukunft.org\/wp-content\/uploads\/2022\/09\/Einladungstemplate1.png\",\"width\":1631,\"height\":726},{\"@type\":\"BreadcrumbList\",\"@id\":\"https:\/\/dezernatzukunft.org\/events\/open-house-webinar-mit-peter-schmidt-und-christoph-martin-mai\/#breadcrumb\",\"itemListElement\":[{\"@type\":\"ListItem\",\"position\":1,\"name\":\"Home\",\"item\":\"https:\/\/dezernatzukunft.org\/en\/home_en\/\"},{\"@type\":\"ListItem\",\"position\":2,\"name\":\"Veranstaltungen\",\"item\":\"https:\/\/dezernatzukunft.org\/events\/\"},{\"@type\":\"ListItem\",\"position\":3,\"name\":\"Open House Webinar mit Peter Schmidt und Christoph-Martin Mai\"}]},{\"@type\":\"WebSite\",\"@id\":\"https:\/\/dezernatzukunft.org\/#website\",\"url\":\"https:\/\/dezernatzukunft.org\/\",\"name\":\"Dezernat Zukunft\",\"description\":\"Institut f\u00fcr Makrofinanzen\",\"publisher\":{\"@id\":\"https:\/\/dezernatzukunft.org\/#organization\"},\"potentialAction\":[{\"@type\":\"SearchAction\",\"target\":{\"@type\":\"EntryPoint\",\"urlTemplate\":\"https:\/\/dezernatzukunft.org\/?s={search_term_string}\"},\"query-input\":{\"@type\":\"PropertyValueSpecification\",\"valueRequired\":true,\"valueName\":\"search_term_string\"}}],\"inLanguage\":\"en-US\"},{\"@type\":\"Organization\",\"@id\":\"https:\/\/dezernatzukunft.org\/#organization\",\"name\":\"Dezernat Zukunft\",\"url\":\"https:\/\/dezernatzukunft.org\/\",\"logo\":{\"@type\":\"ImageObject\",\"inLanguage\":\"en-US\",\"@id\":\"https:\/\/dezernatzukunft.org\/#\/schema\/logo\/image\/\",\"url\":\"https:\/\/dezernatzukunft.org\/wp-content\/uploads\/2022\/05\/Dezernat_Zukunft-01_Zeichenfla\u0308che-1.png\",\"contentUrl\":\"https:\/\/dezernatzukunft.org\/wp-content\/uploads\/2022\/05\/Dezernat_Zukunft-01_Zeichenfla\u0308che-1.png\",\"width\":966,\"height\":167,\"caption\":\"Dezernat Zukunft\"},\"image\":{\"@id\":\"https:\/\/dezernatzukunft.org\/#\/schema\/logo\/image\/\"},\"sameAs\":[\"https:\/\/x.com\/DezernatZ\"]}]}<\/script>\n<!-- \/ Yoast SEO plugin. -->","yoast_head_json":{"title":"Open House Webinar mit Peter Schmidt und Christoph-Martin Mai - Dezernat Zukunft","robots":{"index":"index","follow":"follow","max-snippet":"max-snippet:-1","max-image-preview":"max-image-preview:large","max-video-preview":"max-video-preview:-1"},"canonical":"https:\/\/dezernatzukunft.org\/events\/open-house-webinar-mit-peter-schmidt-und-christoph-martin-mai\/","og_locale":"en_US","og_type":"article","og_title":"Open House Webinar mit Peter Schmidt und Christoph-Martin Mai - Dezernat Zukunft","og_description":"Gast: Peter Schmidt, Christoph-Martin Mai Moderation: Florian Schuster Anmeldung: Zoom-Registrierung Beschreibung: Wir m\u00f6chten \u00fcber Preise sprechen &#8211; besser gesagt \u00fcber die Verbraucherpreisstatistik. Wie werden die Daten erhoben und verarbeitet, aus denen sich sp\u00e4ter die Inflationsrate speist? Inwiefern beeinflussen Besonderheiten wie beispielsweise im Energiebereich die Weitergabe von Preiserh\u00f6hungen an Verbraucher:innen? Und lassen sich daraus R\u00fcckschl\u00fcsse auf die sich abzeichnende Entwicklung ziehen? ... Read More","og_url":"https:\/\/dezernatzukunft.org\/events\/open-house-webinar-mit-peter-schmidt-und-christoph-martin-mai\/","og_site_name":"Dezernat Zukunft","article_modified_time":"2022-09-27T10:38:59+00:00","og_image":[{"width":1631,"height":726,"url":"https:\/\/dezernatzukunft.org\/wp-content\/uploads\/2022\/09\/Einladungstemplate1.png","type":"image\/png"}],"twitter_card":"summary_large_image","twitter_site":"@DezernatZ","twitter_misc":{"Est. reading time":"1 minute"},"schema":{"@context":"https:\/\/schema.org","@graph":[{"@type":"WebPage","@id":"https:\/\/dezernatzukunft.org\/events\/open-house-webinar-mit-peter-schmidt-und-christoph-martin-mai\/","url":"https:\/\/dezernatzukunft.org\/events\/open-house-webinar-mit-peter-schmidt-und-christoph-martin-mai\/","name":"Open House Webinar mit Peter Schmidt und Christoph-Martin Mai - Dezernat Zukunft","isPartOf":{"@id":"https:\/\/dezernatzukunft.org\/#website"},"primaryImageOfPage":{"@id":"https:\/\/dezernatzukunft.org\/events\/open-house-webinar-mit-peter-schmidt-und-christoph-martin-mai\/#primaryimage"},"image":{"@id":"https:\/\/dezernatzukunft.org\/events\/open-house-webinar-mit-peter-schmidt-und-christoph-martin-mai\/#primaryimage"},"thumbnailUrl":"https:\/\/dezernatzukunft.org\/wp-content\/uploads\/2022\/09\/Einladungstemplate1.png","datePublished":"2022-09-27T08:00:00+00:00","dateModified":"2022-09-27T10:38:59+00:00","breadcrumb":{"@id":"https:\/\/dezernatzukunft.org\/events\/open-house-webinar-mit-peter-schmidt-und-christoph-martin-mai\/#breadcrumb"},"inLanguage":"en-US","potentialAction":[{"@type":"ReadAction","target":["https:\/\/dezernatzukunft.org\/events\/open-house-webinar-mit-peter-schmidt-und-christoph-martin-mai\/"]}]},{"@type":"ImageObject","inLanguage":"en-US","@id":"https:\/\/dezernatzukunft.org\/events\/open-house-webinar-mit-peter-schmidt-und-christoph-martin-mai\/#primaryimage","url":"https:\/\/dezernatzukunft.org\/wp-content\/uploads\/2022\/09\/Einladungstemplate1.png","contentUrl":"https:\/\/dezernatzukunft.org\/wp-content\/uploads\/2022\/09\/Einladungstemplate1.png","width":1631,"height":726},{"@type":"BreadcrumbList","@id":"https:\/\/dezernatzukunft.org\/events\/open-house-webinar-mit-peter-schmidt-und-christoph-martin-mai\/#breadcrumb","itemListElement":[{"@type":"ListItem","position":1,"name":"Home","item":"https:\/\/dezernatzukunft.org\/en\/home_en\/"},{"@type":"ListItem","position":2,"name":"Veranstaltungen","item":"https:\/\/dezernatzukunft.org\/events\/"},{"@type":"ListItem","position":3,"name":"Open House Webinar mit Peter Schmidt und Christoph-Martin Mai"}]},{"@type":"WebSite","@id":"https:\/\/dezernatzukunft.org\/#website","url":"https:\/\/dezernatzukunft.org\/","name":"Dezernat Zukunft","description":"Institut f\u00fcr Makrofinanzen","publisher":{"@id":"https:\/\/dezernatzukunft.org\/#organization"},"potentialAction":[{"@type":"SearchAction","target":{"@type":"EntryPoint","urlTemplate":"https:\/\/dezernatzukunft.org\/?s={search_term_string}"},"query-input":{"@type":"PropertyValueSpecification","valueRequired":true,"valueName":"search_term_string"}}],"inLanguage":"en-US"},{"@type":"Organization","@id":"https:\/\/dezernatzukunft.org\/#organization","name":"Dezernat Zukunft","url":"https:\/\/dezernatzukunft.org\/","logo":{"@type":"ImageObject","inLanguage":"en-US","@id":"https:\/\/dezernatzukunft.org\/#\/schema\/logo\/image\/","url":"https:\/\/dezernatzukunft.org\/wp-content\/uploads\/2022\/05\/Dezernat_Zukunft-01_Zeichenfla\u0308che-1.png","contentUrl":"https:\/\/dezernatzukunft.org\/wp-content\/uploads\/2022\/05\/Dezernat_Zukunft-01_Zeichenfla\u0308che-1.png","width":966,"height":167,"caption":"Dezernat Zukunft"},"image":{"@id":"https:\/\/dezernatzukunft.org\/#\/schema\/logo\/image\/"},"sameAs":["https:\/\/x.com\/DezernatZ"]}]}},"_links":{"self":[{"href":"https:\/\/dezernatzukunft.org\/en\/wp-json\/wp\/v2\/mec-events\/13678","targetHints":{"allow":["GET"]}}],"collection":[{"href":"https:\/\/dezernatzukunft.org\/en\/wp-json\/wp\/v2\/mec-events"}],"about":[{"href":"https:\/\/dezernatzukunft.org\/en\/wp-json\/wp\/v2\/types\/mec-events"}],"author":[{"embeddable":true,"href":"https:\/\/dezernatzukunft.org\/en\/wp-json\/wp\/v2\/users\/62"}],"replies":[{"embeddable":true,"href":"https:\/\/dezernatzukunft.org\/en\/wp-json\/wp\/v2\/comments?post=13678"}],"wp:featuredmedia":[{"embeddable":true,"href":"https:\/\/dezernatzukunft.org\/en\/wp-json\/wp\/v2\/media\/13667"}],"wp:attachment":[{"href":"https:\/\/dezernatzukunft.org\/en\/wp-json\/wp\/v2\/media?parent=13678"}],"wp:term":[{"taxonomy":"post_tag","embeddable":true,"href":"https:\/\/dezernatzukunft.org\/en\/wp-json\/wp\/v2\/tags?post=13678"},{"taxonomy":"mec_category","embeddable":true,"href":"https:\/\/dezernatzukunft.org\/en\/wp-json\/wp\/v2\/mec_category?post=13678"},{"taxonomy":"mec_speaker","embeddable":true,"href":"https:\/\/dezernatzukunft.org\/en\/wp-json\/wp\/v2\/mec_speaker?post=13678"}],"curies":[{"name":"wp","href":"https:\/\/api.w.org\/{rel}","templated":true}]}}