{"version":"1.0","provider_name":"Dezernat Zukunft","provider_url":"https:\/\/dezernatzukunft.org\/en\/","author_name":"Dezernat Zukunft","author_url":"https:\/\/dezernatzukunft.org\/en\/author\/dzautorinnen\/","title":"Open House Webinar mit Minister Hubertus Heil - Dezernat Zukunft","type":"rich","width":600,"height":338,"html":"<blockquote class=\"wp-embedded-content\" data-secret=\"7ABFQFsJ3e\"><a href=\"https:\/\/dezernatzukunft.org\/en\/events\/open-house-webinar-mit-minister-hubertus-heil-760\/\">Open House Webinar mit Minister Hubertus Heil<\/a><\/blockquote><iframe sandbox=\"allow-scripts\" security=\"restricted\" src=\"https:\/\/dezernatzukunft.org\/en\/events\/open-house-webinar-mit-minister-hubertus-heil-760\/embed\/#?secret=7ABFQFsJ3e\" width=\"600\" height=\"338\" title=\"&#8220;Open House Webinar mit Minister Hubertus Heil&#8221; &#8212; Dezernat Zukunft\" data-secret=\"7ABFQFsJ3e\" frameborder=\"0\" marginwidth=\"0\" marginheight=\"0\" scrolling=\"no\" class=\"wp-embedded-content\"><\/iframe><script type=\"text\/javascript\">\n\/* <![CDATA[ *\/\n\/*! This file is auto-generated *\/\n!function(d,l){\"use strict\";l.querySelector&&d.addEventListener&&\"undefined\"!=typeof URL&&(d.wp=d.wp||{},d.wp.receiveEmbedMessage||(d.wp.receiveEmbedMessage=function(e){var t=e.data;if((t||t.secret||t.message||t.value)&&!\/[^a-zA-Z0-9]\/.test(t.secret)){for(var s,r,n,a=l.querySelectorAll('iframe[data-secret=\"'+t.secret+'\"]'),o=l.querySelectorAll('blockquote[data-secret=\"'+t.secret+'\"]'),c=new RegExp(\"^https?:$\",\"i\"),i=0;i<o.length;i++)o[i].style.display=\"none\";for(i=0;i<a.length;i++)s=a[i],e.source===s.contentWindow&&(s.removeAttribute(\"style\"),\"height\"===t.message?(1e3<(r=parseInt(t.value,10))?r=1e3:~~r<200&&(r=200),s.height=r):\"link\"===t.message&&(r=new URL(s.getAttribute(\"src\")),n=new URL(t.value),c.test(n.protocol))&&n.host===r.host&&l.activeElement===s&&(d.top.location.href=t.value))}},d.addEventListener(\"message\",d.wp.receiveEmbedMessage,!1),l.addEventListener(\"DOMContentLoaded\",function(){for(var e,t,s=l.querySelectorAll(\"iframe.wp-embedded-content\"),r=0;r<s.length;r++)(t=(e=s[r]).getAttribute(\"data-secret\"))||(t=Math.random().toString(36).substring(2,12),e.src+=\"#?secret=\"+t,e.setAttribute(\"data-secret\",t)),e.contentWindow.postMessage({message:\"ready\",secret:t},\"*\")},!1)))}(window,document);\n\/* ]]> *\/\n<\/script>\n","thumbnail_url":"https:\/\/dezernatzukunft.org\/wp-content\/uploads\/2024\/06\/20240625_EventbildHeilo_vd2_KE.png","thumbnail_width":800,"thumbnail_height":356,"description":"Panelist:innen: Hubertus Heil, Bundesminister f\u00fcr Arbeit und Soziales Moderation: Philippa Sigl-Gl\u00f6ckner Anmeldung: Zoom-Registrierung Beschreibung: Der Fachkr\u00e4ftemangel ist schon seit Jahren Dauerthema im wirtschaftspolitischen Diskurs. Er hemmt die langfristigen Entwicklungschancen der deutschen Volkswirtschaft und wird durch den demographischen Wandel weiter versch\u00e4rft. Wir freuen uns daher sehr, Hubertus Heil, Bundesminister f\u00fcr Arbeit und Soziales, zu unserem kommenden Webinar zu dem Thema begr\u00fc\u00dfen ... Read More"}