{"version":"1.0","provider_name":"Dezernat Zukunft","provider_url":"https:\/\/dezernatzukunft.org\/en\/","author_name":"Gerrit Schr\u00f6ter","author_url":"https:\/\/dezernatzukunft.org\/en\/author\/gschroeter\/","title":"Open House Webinar mit Andrea Nahles - Dezernat Zukunft","type":"rich","width":600,"height":338,"html":"<blockquote class=\"wp-embedded-content\" data-secret=\"tohPTgUsHA\"><a href=\"https:\/\/dezernatzukunft.org\/en\/events\/open-house-webinar-mit-andrea-nahles\/\">Open House Webinar mit Andrea Nahles<\/a><\/blockquote><iframe sandbox=\"allow-scripts\" security=\"restricted\" src=\"https:\/\/dezernatzukunft.org\/en\/events\/open-house-webinar-mit-andrea-nahles\/embed\/#?secret=tohPTgUsHA\" width=\"600\" height=\"338\" title=\"&#8220;Open House Webinar mit Andrea Nahles&#8221; &#8212; Dezernat Zukunft\" data-secret=\"tohPTgUsHA\" frameborder=\"0\" marginwidth=\"0\" marginheight=\"0\" scrolling=\"no\" class=\"wp-embedded-content\"><\/iframe><script type=\"text\/javascript\">\n\/* <![CDATA[ *\/\n\/*! This file is auto-generated *\/\n!function(d,l){\"use strict\";l.querySelector&&d.addEventListener&&\"undefined\"!=typeof URL&&(d.wp=d.wp||{},d.wp.receiveEmbedMessage||(d.wp.receiveEmbedMessage=function(e){var t=e.data;if((t||t.secret||t.message||t.value)&&!\/[^a-zA-Z0-9]\/.test(t.secret)){for(var s,r,n,a=l.querySelectorAll('iframe[data-secret=\"'+t.secret+'\"]'),o=l.querySelectorAll('blockquote[data-secret=\"'+t.secret+'\"]'),c=new RegExp(\"^https?:$\",\"i\"),i=0;i<o.length;i++)o[i].style.display=\"none\";for(i=0;i<a.length;i++)s=a[i],e.source===s.contentWindow&&(s.removeAttribute(\"style\"),\"height\"===t.message?(1e3<(r=parseInt(t.value,10))?r=1e3:~~r<200&&(r=200),s.height=r):\"link\"===t.message&&(r=new URL(s.getAttribute(\"src\")),n=new URL(t.value),c.test(n.protocol))&&n.host===r.host&&l.activeElement===s&&(d.top.location.href=t.value))}},d.addEventListener(\"message\",d.wp.receiveEmbedMessage,!1),l.addEventListener(\"DOMContentLoaded\",function(){for(var e,t,s=l.querySelectorAll(\"iframe.wp-embedded-content\"),r=0;r<s.length;r++)(t=(e=s[r]).getAttribute(\"data-secret\"))||(t=Math.random().toString(36).substring(2,12),e.src+=\"#?secret=\"+t,e.setAttribute(\"data-secret\",t)),e.contentWindow.postMessage({message:\"ready\",secret:t},\"*\")},!1)))}(window,document);\n\/* ]]> *\/\n<\/script>\n","thumbnail_url":"https:\/\/dezernatzukunft.org\/wp-content\/uploads\/2024\/04\/Eventbild_Andrea-Nahles.png","thumbnail_width":800,"thumbnail_height":356,"description":"Gast: Andrea Nahles, Bundesagentur f\u00fcr Arbeit Moderation: Max Krah\u00e9 Anmeldung: Zoom-Registrierung Beschreibung: Nachdem wir bei unserem M\u00e4rz-Webinar bereits auf die angespannte Lage im deutschen Baugewerbe geblickt haben, m\u00f6chten wir nun unser Augenmerk auf den Arbeitsmarkt richten. Wir freuen uns dazu sehr, Andrea Nahles, die fr\u00fchere Bundesarbeitsministerin und derzeitige Vorstandsvorsitzende der Bundesagentur f\u00fcr Arbeit, als Gespr\u00e4chsgast begr\u00fc\u00dfen zu d\u00fcrfen. Gemeinsam m\u00f6chten ... Read More"}